{"id":2008,"date":"2023-02-28T21:27:34","date_gmt":"2023-02-28T21:27:34","guid":{"rendered":"https:\/\/klen.gobo-digital.com\/terrazze-in-legno\/"},"modified":"2023-10-26T10:30:30","modified_gmt":"2023-10-26T10:30:30","slug":"terrazze-in-legno","status":"publish","type":"page","link":"https:\/\/klen.hr\/it\/terrazze-in-legno\/","title":{"rendered":"Terrazze in legno"},"content":{"rendered":"\t\t<div data-elementor-type=\"wp-page\" data-elementor-id=\"2008\" class=\"elementor elementor-2008 elementor-797\" data-elementor-post-type=\"page\">\n\t\t\t\t\t\t<section class=\"elementor-section elementor-top-section elementor-element elementor-element-5b828e3 elementor-section-boxed elementor-section-height-default elementor-section-height-default\" data-id=\"5b828e3\" data-element_type=\"section\" data-e-type=\"section\" data-settings=\"{&quot;background_background&quot;:&quot;classic&quot;}\">\n\t\t\t\t\t\t\t<div class=\"elementor-background-overlay\"><\/div>\n\t\t\t\t\t\t\t<div class=\"elementor-container elementor-column-gap-no\">\n\t\t\t\t\t<div class=\"elementor-column elementor-col-100 elementor-top-column elementor-element elementor-element-73f9b90\" data-id=\"73f9b90\" data-element_type=\"column\" data-e-type=\"column\">\n\t\t\t<div class=\"elementor-widget-wrap elementor-element-populated\">\n\t\t\t\t\t\t<div class=\"elementor-element elementor-element-6cb9832 elementor-widget elementor-widget-heading\" data-id=\"6cb9832\" data-element_type=\"widget\" data-e-type=\"widget\" data-widget_type=\"heading.default\">\n\t\t\t\t<div class=\"elementor-widget-container\">\n\t\t\t\t\t<h1 class=\"elementor-heading-title elementor-size-default\">TERRAZZE IN LEGNO<\/h1>\t\t\t\t<\/div>\n\t\t\t\t<\/div>\n\t\t\t\t\t<\/div>\n\t\t<\/div>\n\t\t\t\t\t<\/div>\n\t\t<\/section>\n\t\t\t\t<section class=\"elementor-section elementor-top-section elementor-element elementor-element-9ca55ae elementor-section-boxed elementor-section-height-default elementor-section-height-default\" data-id=\"9ca55ae\" data-element_type=\"section\" data-e-type=\"section\" data-settings=\"{&quot;background_background&quot;:&quot;classic&quot;}\">\n\t\t\t\t\t\t<div class=\"elementor-container elementor-column-gap-no\">\n\t\t\t\t\t<div class=\"elementor-column elementor-col-50 elementor-top-column elementor-element elementor-element-285d1fe\" data-id=\"285d1fe\" data-element_type=\"column\" data-e-type=\"column\">\n\t\t\t<div class=\"elementor-widget-wrap elementor-element-populated\">\n\t\t\t\t\t\t<div class=\"elementor-element elementor-element-451a638 elementor-widget elementor-widget-heading\" data-id=\"451a638\" data-element_type=\"widget\" data-e-type=\"widget\" data-widget_type=\"heading.default\">\n\t\t\t\t<div class=\"elementor-widget-container\">\n\t\t\t\t\t<h2 class=\"elementor-heading-title elementor-size-default\">Terrazze in legno<\/h2>\t\t\t\t<\/div>\n\t\t\t\t<\/div>\n\t\t\t\t<div class=\"elementor-element elementor-element-a1a8fe3 elementor-widget elementor-widget-text-editor\" data-id=\"a1a8fe3\" data-element_type=\"widget\" data-e-type=\"widget\" data-widget_type=\"text-editor.default\">\n\t\t\t\t<div class=\"elementor-widget-container\">\n\t\t\t\t\t\t\t\t\t<p>Le terrazze in legno per esterni KLEN si caratterizzano per affidabilit\u00e0, funzionalit\u00e0 ed estetica. Realizzati in abete rosso austriaco di alta qualit\u00e0 con elevata resistenza e 12% di secchezza, da quelli con design e forma semplici a design moderni e contemporanei.<br \/>\nTutti gli elementi utilizzati durante la produzione vengono lavorati con le macchine pi\u00f9 moderne e impregnati in profondit\u00e0 con agenti ecologici di alta qualit\u00e0.<br \/>\nLa struttura del pavimento \u00e8 composta da moduli, che possono essere assemblati per ottenere la larghezza desiderata del terrazzo. La struttura del tetto, su cui \u00e8 posato il cassero in legno e rivestito con pannelli bituminosi o lamiera, \u00e8 sorretta da colonne portanti. Per collegare gli elementi vengono utilizzate viti in acciaio inossidabile.<\/p>\n<p>Il design contemporaneo e un&#8217;ampia selezione di opzioni aggiuntive soddisferanno anche i gusti pi\u00f9 esigenti.<\/p>\n\t\t\t\t\t\t\t\t<\/div>\n\t\t\t\t<\/div>\n\t\t\t\t\t<\/div>\n\t\t<\/div>\n\t\t\t\t<div class=\"elementor-column elementor-col-50 elementor-top-column elementor-element elementor-element-ffa2e3d\" data-id=\"ffa2e3d\" data-element_type=\"column\" data-e-type=\"column\">\n\t\t\t<div class=\"elementor-widget-wrap elementor-element-populated\">\n\t\t\t\t\t\t<div class=\"elementor-element elementor-element-77006ae elementor-widget elementor-widget-image\" data-id=\"77006ae\" data-element_type=\"widget\" data-e-type=\"widget\" data-widget_type=\"image.default\">\n\t\t\t\t<div class=\"elementor-widget-container\">\n\t\t\t\t\t\t\t\t\t\t\t\t\t\t\t<img fetchpriority=\"high\" decoding=\"async\" width=\"1500\" height=\"1001\" src=\"https:\/\/klen.hr\/wp-content\/uploads\/2023\/02\/Drvena-terasa.jpeg\" class=\"attachment-full size-full wp-image-1474\" alt=\"\" srcset=\"https:\/\/klen.hr\/wp-content\/uploads\/2023\/02\/Drvena-terasa.jpeg 1500w, https:\/\/klen.hr\/wp-content\/uploads\/2023\/02\/Drvena-terasa-300x200.jpeg 300w, https:\/\/klen.hr\/wp-content\/uploads\/2023\/02\/Drvena-terasa-1024x683.jpeg 1024w, https:\/\/klen.hr\/wp-content\/uploads\/2023\/02\/Drvena-terasa-768x513.jpeg 768w\" sizes=\"(max-width: 1500px) 100vw, 1500px\" \/>\t\t\t\t\t\t\t\t\t\t\t\t\t\t\t<\/div>\n\t\t\t\t<\/div>\n\t\t\t\t\t<\/div>\n\t\t<\/div>\n\t\t\t\t\t<\/div>\n\t\t<\/section>\n\t\t\t\t<section class=\"elementor-section elementor-top-section elementor-element elementor-element-3df1e15 elementor-section-boxed elementor-section-height-default elementor-section-height-default\" data-id=\"3df1e15\" data-element_type=\"section\" data-e-type=\"section\" data-settings=\"{&quot;background_background&quot;:&quot;classic&quot;}\">\n\t\t\t\t\t\t<div class=\"elementor-container elementor-column-gap-no\">\n\t\t\t\t\t<div class=\"elementor-column elementor-col-50 elementor-top-column elementor-element elementor-element-7f34a50\" data-id=\"7f34a50\" data-element_type=\"column\" data-e-type=\"column\">\n\t\t\t<div class=\"elementor-widget-wrap elementor-element-populated\">\n\t\t\t\t\t\t<div class=\"elementor-element elementor-element-cded501 elementor-widget elementor-widget-image\" data-id=\"cded501\" data-element_type=\"widget\" data-e-type=\"widget\" data-widget_type=\"image.default\">\n\t\t\t\t<div class=\"elementor-widget-container\">\n\t\t\t\t\t\t\t\t\t\t\t\t\t\t\t<img decoding=\"async\" width=\"1500\" height=\"1001\" src=\"https:\/\/klen.hr\/wp-content\/uploads\/2023\/02\/Montaza-drvenih-terasa.jpeg\" class=\"attachment-full size-full wp-image-1476\" alt=\"\" srcset=\"https:\/\/klen.hr\/wp-content\/uploads\/2023\/02\/Montaza-drvenih-terasa.jpeg 1500w, https:\/\/klen.hr\/wp-content\/uploads\/2023\/02\/Montaza-drvenih-terasa-300x200.jpeg 300w, https:\/\/klen.hr\/wp-content\/uploads\/2023\/02\/Montaza-drvenih-terasa-1024x683.jpeg 1024w, https:\/\/klen.hr\/wp-content\/uploads\/2023\/02\/Montaza-drvenih-terasa-768x513.jpeg 768w\" sizes=\"(max-width: 1500px) 100vw, 1500px\" \/>\t\t\t\t\t\t\t\t\t\t\t\t\t\t\t<\/div>\n\t\t\t\t<\/div>\n\t\t\t\t\t<\/div>\n\t\t<\/div>\n\t\t\t\t<div class=\"elementor-column elementor-col-50 elementor-top-column elementor-element elementor-element-4275911\" data-id=\"4275911\" data-element_type=\"column\" data-e-type=\"column\">\n\t\t\t<div class=\"elementor-widget-wrap elementor-element-populated\">\n\t\t\t\t\t\t<div class=\"elementor-element elementor-element-74b7a78 elementor-widget elementor-widget-heading\" data-id=\"74b7a78\" data-element_type=\"widget\" data-e-type=\"widget\" data-widget_type=\"heading.default\">\n\t\t\t\t<div class=\"elementor-widget-container\">\n\t\t\t\t\t<h2 class=\"elementor-heading-title elementor-size-default\">Opzioni aggiuntive:<\/h2>\t\t\t\t<\/div>\n\t\t\t\t<\/div>\n\t\t\t\t<div class=\"elementor-element elementor-element-52f297d elementor-icon-list--layout-traditional elementor-list-item-link-full_width elementor-widget elementor-widget-icon-list\" data-id=\"52f297d\" data-element_type=\"widget\" data-e-type=\"widget\" data-widget_type=\"icon-list.default\">\n\t\t\t\t<div class=\"elementor-widget-container\">\n\t\t\t\t\t\t\t<ul class=\"elementor-icon-list-items\">\n\t\t\t\t\t\t\t<li class=\"elementor-icon-list-item\">\n\t\t\t\t\t\t\t\t\t\t\t<span class=\"elementor-icon-list-icon\">\n\t\t\t\t\t\t\t<i aria-hidden=\"true\" class=\"fas fa-check\"><\/i>\t\t\t\t\t\t<\/span>\n\t\t\t\t\t\t\t\t\t\t<span class=\"elementor-icon-list-text\">Colorazione nella tonalit\u00e0 desiderata<\/span>\n\t\t\t\t\t\t\t\t\t<\/li>\n\t\t\t\t\t\t\t\t<li class=\"elementor-icon-list-item\">\n\t\t\t\t\t\t\t\t\t\t\t<span class=\"elementor-icon-list-icon\">\n\t\t\t\t\t\t\t<i aria-hidden=\"true\" class=\"fas fa-check\"><\/i>\t\t\t\t\t\t<\/span>\n\t\t\t\t\t\t\t\t\t\t<span class=\"elementor-icon-list-text\">piedini di livellamento - zincati o in plastica<\/span>\n\t\t\t\t\t\t\t\t\t<\/li>\n\t\t\t\t\t\t\t\t<li class=\"elementor-icon-list-item\">\n\t\t\t\t\t\t\t\t\t\t\t<span class=\"elementor-icon-list-icon\">\n\t\t\t\t\t\t\t<i aria-hidden=\"true\" class=\"fas fa-check\"><\/i>\t\t\t\t\t\t<\/span>\n\t\t\t\t\t\t\t\t\t\t<span class=\"elementor-icon-list-text\">copertura in lamiera o bitume<\/span>\n\t\t\t\t\t\t\t\t\t<\/li>\n\t\t\t\t\t\t\t\t<li class=\"elementor-icon-list-item\">\n\t\t\t\t\t\t\t\t\t\t\t<span class=\"elementor-icon-list-icon\">\n\t\t\t\t\t\t\t<i aria-hidden=\"true\" class=\"fas fa-check\"><\/i>\t\t\t\t\t\t<\/span>\n\t\t\t\t\t\t\t\t\t\t<span class=\"elementor-icon-list-text\">elementi in legno sotto il terrazzo e la casa<\/span>\n\t\t\t\t\t\t\t\t\t<\/li>\n\t\t\t\t\t\t\t\t<li class=\"elementor-icon-list-item\">\n\t\t\t\t\t\t\t\t\t\t\t<span class=\"elementor-icon-list-icon\">\n\t\t\t\t\t\t\t<i aria-hidden=\"true\" class=\"fas fa-check\"><\/i>\t\t\t\t\t\t<\/span>\n\t\t\t\t\t\t\t\t\t\t<span class=\"elementor-icon-list-text\">scelta del modello di recinzione (legno, acciaio inox, rete, vetro)<\/span>\n\t\t\t\t\t\t\t\t\t<\/li>\n\t\t\t\t\t\t\t\t<li class=\"elementor-icon-list-item\">\n\t\t\t\t\t\t\t\t\t\t\t<span class=\"elementor-icon-list-icon\">\n\t\t\t\t\t\t\t<i aria-hidden=\"true\" class=\"fas fa-check\"><\/i>\t\t\t\t\t\t<\/span>\n\t\t\t\t\t\t\t\t\t\t<span class=\"elementor-icon-list-text\">lamierati sul tetto<\/span>\n\t\t\t\t\t\t\t\t\t<\/li>\n\t\t\t\t\t\t\t\t<li class=\"elementor-icon-list-item\">\n\t\t\t\t\t\t\t\t\t\t\t<span class=\"elementor-icon-list-icon\">\n\t\t\t\t\t\t\t<i aria-hidden=\"true\" class=\"fas fa-check\"><\/i>\t\t\t\t\t\t<\/span>\n\t\t\t\t\t\t\t\t\t\t<span class=\"elementor-icon-list-text\">corrimano sulle scale<\/span>\n\t\t\t\t\t\t\t\t\t<\/li>\n\t\t\t\t\t\t\t\t<li class=\"elementor-icon-list-item\">\n\t\t\t\t\t\t\t\t\t\t\t<span class=\"elementor-icon-list-icon\">\n\t\t\t\t\t\t\t<i aria-hidden=\"true\" class=\"fas fa-check\"><\/i>\t\t\t\t\t\t<\/span>\n\t\t\t\t\t\t\t\t\t\t<span class=\"elementor-icon-list-text\">corrimano sulle scale<\/span>\n\t\t\t\t\t\t\t\t\t<\/li>\n\t\t\t\t\t\t\t\t<li class=\"elementor-icon-list-item\">\n\t\t\t\t\t\t\t\t\t\t\t<span class=\"elementor-icon-list-icon\">\n\t\t\t\t\t\t\t<i aria-hidden=\"true\" class=\"fas fa-check\"><\/i>\t\t\t\t\t\t<\/span>\n\t\t\t\t\t\t\t\t\t\t<span class=\"elementor-icon-list-text\">porta d'ingresso sul terrazzo<\/span>\n\t\t\t\t\t\t\t\t\t<\/li>\n\t\t\t\t\t\t\t\t<li class=\"elementor-icon-list-item\">\n\t\t\t\t\t\t\t\t\t\t\t<span class=\"elementor-icon-list-icon\">\n\t\t\t\t\t\t\t<i aria-hidden=\"true\" class=\"fas fa-check\"><\/i>\t\t\t\t\t\t<\/span>\n\t\t\t\t\t\t\t\t\t\t<span class=\"elementor-icon-list-text\">rampe per disabili<\/span>\n\t\t\t\t\t\t\t\t\t<\/li>\n\t\t\t\t\t\t\t\t<li class=\"elementor-icon-list-item\">\n\t\t\t\t\t\t\t\t\t\t\t<span class=\"elementor-icon-list-icon\">\n\t\t\t\t\t\t\t<i aria-hidden=\"true\" class=\"fas fa-check\"><\/i>\t\t\t\t\t\t<\/span>\n\t\t\t\t\t\t\t\t\t\t<span class=\"elementor-icon-list-text\">contenitori per bombole di gas<\/span>\n\t\t\t\t\t\t\t\t\t<\/li>\n\t\t\t\t\t\t\t\t<li class=\"elementor-icon-list-item\">\n\t\t\t\t\t\t\t\t\t\t\t<span class=\"elementor-icon-list-icon\">\n\t\t\t\t\t\t\t<i aria-hidden=\"true\" class=\"fas fa-check\"><\/i>\t\t\t\t\t\t<\/span>\n\t\t\t\t\t\t\t\t\t\t<span class=\"elementor-icon-list-text\">mobili da terrazza<\/span>\n\t\t\t\t\t\t\t\t\t<\/li>\n\t\t\t\t\t\t<\/ul>\n\t\t\t\t\t\t<\/div>\n\t\t\t\t<\/div>\n\t\t\t\t\t<\/div>\n\t\t<\/div>\n\t\t\t\t\t<\/div>\n\t\t<\/section>\n\t\t\t\t<section class=\"elementor-section elementor-top-section elementor-element elementor-element-60e08c9 elementor-section-boxed elementor-section-height-default elementor-section-height-default\" data-id=\"60e08c9\" data-element_type=\"section\" data-e-type=\"section\" data-settings=\"{&quot;background_background&quot;:&quot;classic&quot;}\">\n\t\t\t\t\t\t<div class=\"elementor-container elementor-column-gap-no\">\n\t\t\t\t\t<div class=\"elementor-column elementor-col-50 elementor-top-column elementor-element elementor-element-0f43b40\" data-id=\"0f43b40\" data-element_type=\"column\" data-e-type=\"column\">\n\t\t\t<div class=\"elementor-widget-wrap elementor-element-populated\">\n\t\t\t\t\t\t<div class=\"elementor-element elementor-element-4e2b68a elementor-widget elementor-widget-heading\" data-id=\"4e2b68a\" data-element_type=\"widget\" data-e-type=\"widget\" data-widget_type=\"heading.default\">\n\t\t\t\t<div class=\"elementor-widget-container\">\n\t\t\t\t\t<h2 class=\"elementor-heading-title elementor-size-default\">Certificati<\/h2>\t\t\t\t<\/div>\n\t\t\t\t<\/div>\n\t\t\t\t<div class=\"elementor-element elementor-element-d8ca302 elementor-widget elementor-widget-text-editor\" data-id=\"d8ca302\" data-element_type=\"widget\" data-e-type=\"widget\" data-widget_type=\"text-editor.default\">\n\t\t\t\t<div class=\"elementor-widget-container\">\n\t\t\t\t\t\t\t\t\t<p><span style=\"font-weight: 400;\">Tutto il materiale incorporato nei nostri prodotti ha i certificati necessari. Il legno utilizzato nella produzione \u00e8 abete rosso austriaco di qualit\u00e0 C24Igl24h &#8211; certificato EN 15497:2014, e nei prodotti sono installate viti zincate con certificato EN14592:2008+A1:2012. Tutti gli elementi in legno integrati nelle terrazze sono impregnati meccanicamente con impregnazione ecologica all&#8217;acqua di alta qualit\u00e0 (certificato HR N EN 1502431\/AC:2005) e, se lo si desidera, sono rifiniti con vernici all&#8217;acqua ecologiche di alta qualit\u00e0 (certificato HR N EN ISO 2555: 2008). Per la copertura vengono utilizzate lastre ondulate bituminose di alta qualit\u00e0 (certificato DIN EN 534: 2010-07). I certificati sono validi per tutti i modelli.<\/span><\/p>\n\t\t\t\t\t\t\t\t<\/div>\n\t\t\t\t<\/div>\n\t\t\t\t\t<\/div>\n\t\t<\/div>\n\t\t\t\t<div class=\"elementor-column elementor-col-50 elementor-top-column elementor-element elementor-element-924a59a\" data-id=\"924a59a\" data-element_type=\"column\" data-e-type=\"column\">\n\t\t\t<div class=\"elementor-widget-wrap elementor-element-populated\">\n\t\t\t\t\t\t<div class=\"elementor-element elementor-element-6d29d64 elementor-widget elementor-widget-image\" data-id=\"6d29d64\" data-element_type=\"widget\" data-e-type=\"widget\" data-widget_type=\"image.default\">\n\t\t\t\t<div class=\"elementor-widget-container\">\n\t\t\t\t\t\t\t\t\t\t\t\t\t\t\t<img decoding=\"async\" width=\"522\" height=\"522\" src=\"https:\/\/klen.hr\/wp-content\/uploads\/2023\/02\/certifikati.png\" class=\"attachment-full size-full wp-image-1478\" alt=\"\" srcset=\"https:\/\/klen.hr\/wp-content\/uploads\/2023\/02\/certifikati.png 522w, https:\/\/klen.hr\/wp-content\/uploads\/2023\/02\/certifikati-300x300.png 300w, https:\/\/klen.hr\/wp-content\/uploads\/2023\/02\/certifikati-150x150.png 150w\" sizes=\"(max-width: 522px) 100vw, 522px\" \/>\t\t\t\t\t\t\t\t\t\t\t\t\t\t\t<\/div>\n\t\t\t\t<\/div>\n\t\t\t\t\t<\/div>\n\t\t<\/div>\n\t\t\t\t\t<\/div>\n\t\t<\/section>\n\t\t\t\t<section class=\"elementor-section elementor-top-section elementor-element elementor-element-5f7d49e elementor-section-boxed elementor-section-height-default elementor-section-height-default\" data-id=\"5f7d49e\" data-element_type=\"section\" data-e-type=\"section\" data-settings=\"{&quot;background_background&quot;:&quot;classic&quot;}\">\n\t\t\t\t\t\t<div class=\"elementor-container elementor-column-gap-no\">\n\t\t\t\t\t<div class=\"elementor-column elementor-col-100 elementor-top-column elementor-element elementor-element-eff7c0e\" data-id=\"eff7c0e\" data-element_type=\"column\" data-e-type=\"column\">\n\t\t\t<div class=\"elementor-widget-wrap elementor-element-populated\">\n\t\t\t\t\t\t<div class=\"elementor-element elementor-element-b56766f elementor-widget elementor-widget-heading\" data-id=\"b56766f\" data-element_type=\"widget\" data-e-type=\"widget\" data-widget_type=\"heading.default\">\n\t\t\t\t<div class=\"elementor-widget-container\">\n\t\t\t\t\t<h3 class=\"elementor-heading-title elementor-size-default\">Da un'occhiata ad alcuni dei nostri lavori<\/h3>\t\t\t\t<\/div>\n\t\t\t\t<\/div>\n\t\t\t\t<div class=\"elementor-element elementor-element-cf12d22 elementor-widget elementor-widget-heading\" data-id=\"cf12d22\" data-element_type=\"widget\" data-e-type=\"widget\" data-widget_type=\"heading.default\">\n\t\t\t\t<div class=\"elementor-widget-container\">\n\t\t\t\t\t<h2 class=\"elementor-heading-title elementor-size-default\">Galleria delle terrazze<\/h2>\t\t\t\t<\/div>\n\t\t\t\t<\/div>\n\t\t\t\t<div class=\"elementor-element elementor-element-9567c44 elementor-widget elementor-widget-gallery\" data-id=\"9567c44\" data-element_type=\"widget\" data-e-type=\"widget\" data-settings=\"{&quot;lazyload&quot;:&quot;yes&quot;,&quot;gallery_layout&quot;:&quot;grid&quot;,&quot;columns&quot;:4,&quot;columns_tablet&quot;:2,&quot;columns_mobile&quot;:1,&quot;gap&quot;:{&quot;unit&quot;:&quot;px&quot;,&quot;size&quot;:10,&quot;sizes&quot;:[]},&quot;gap_tablet&quot;:{&quot;unit&quot;:&quot;px&quot;,&quot;size&quot;:10,&quot;sizes&quot;:[]},&quot;gap_mobile&quot;:{&quot;unit&quot;:&quot;px&quot;,&quot;size&quot;:10,&quot;sizes&quot;:[]},&quot;link_to&quot;:&quot;file&quot;,&quot;aspect_ratio&quot;:&quot;3:2&quot;,&quot;overlay_background&quot;:&quot;yes&quot;,&quot;content_hover_animation&quot;:&quot;fade-in&quot;}\" data-widget_type=\"gallery.default\">\n\t\t\t\t<div class=\"elementor-widget-container\">\n\t\t\t\t\t\t\t<div class=\"elementor-gallery__container\">\n\t\t\t\t\t\t\t<a class=\"e-gallery-item elementor-gallery-item elementor-animated-content\" href=\"https:\/\/klen.hr\/wp-content\/uploads\/2023\/07\/030718_1009__MG_5660-scaled.jpg\" data-elementor-open-lightbox=\"yes\" data-elementor-lightbox-slideshow=\"9567c44\" data-elementor-lightbox-title=\"Drvene terase\" data-e-action-hash=\"#elementor-action%3Aaction%3Dlightbox%26settings%3DeyJpZCI6MTMxNiwidXJsIjoiaHR0cHM6XC9cL2tsZW4uaHJcL3dwLWNvbnRlbnRcL3VwbG9hZHNcLzIwMjNcLzA3XC8wMzA3MThfMTAwOV9fTUdfNTY2MC1zY2FsZWQuanBnIiwic2xpZGVzaG93IjoiOTU2N2M0NCJ9\">\n\t\t\t\t\t<div class=\"e-gallery-image elementor-gallery-item__image\" data-thumbnail=\"https:\/\/klen.hr\/wp-content\/uploads\/2023\/07\/030718_1009__MG_5660-scaled.jpg\" data-width=\"2560\" data-height=\"1707\" aria-label=\"Drvene terase\" role=\"img\" ><\/div>\n\t\t\t\t\t\t\t\t\t\t\t<div class=\"elementor-gallery-item__overlay\"><\/div>\n\t\t\t\t\t\t\t\t\t\t\t\t\t\t<\/a>\n\t\t\t\t\t\t\t<a class=\"e-gallery-item elementor-gallery-item elementor-animated-content\" href=\"https:\/\/klen.hr\/wp-content\/uploads\/2023\/07\/20160511_075608-scaled.jpg\" data-elementor-open-lightbox=\"yes\" data-elementor-lightbox-slideshow=\"9567c44\" data-elementor-lightbox-title=\"Drvene terase\" data-e-action-hash=\"#elementor-action%3Aaction%3Dlightbox%26settings%3DeyJpZCI6MTMxNywidXJsIjoiaHR0cHM6XC9cL2tsZW4uaHJcL3dwLWNvbnRlbnRcL3VwbG9hZHNcLzIwMjNcLzA3XC8yMDE2MDUxMV8wNzU2MDgtc2NhbGVkLmpwZyIsInNsaWRlc2hvdyI6Ijk1NjdjNDQifQ%3D%3D\">\n\t\t\t\t\t<div class=\"e-gallery-image elementor-gallery-item__image\" data-thumbnail=\"https:\/\/klen.hr\/wp-content\/uploads\/2023\/07\/20160511_075608-scaled.jpg\" data-width=\"2560\" data-height=\"1440\" aria-label=\"Drvene terase\" role=\"img\" ><\/div>\n\t\t\t\t\t\t\t\t\t\t\t<div class=\"elementor-gallery-item__overlay\"><\/div>\n\t\t\t\t\t\t\t\t\t\t\t\t\t\t<\/a>\n\t\t\t\t\t\t\t<a class=\"e-gallery-item elementor-gallery-item elementor-animated-content\" href=\"https:\/\/klen.hr\/wp-content\/uploads\/2023\/07\/20191026_101228-scaled.jpg\" data-elementor-open-lightbox=\"yes\" data-elementor-lightbox-slideshow=\"9567c44\" data-elementor-lightbox-title=\"Drvene terase\" data-e-action-hash=\"#elementor-action%3Aaction%3Dlightbox%26settings%3DeyJpZCI6MTMxOCwidXJsIjoiaHR0cHM6XC9cL2tsZW4uaHJcL3dwLWNvbnRlbnRcL3VwbG9hZHNcLzIwMjNcLzA3XC8yMDE5MTAyNl8xMDEyMjgtc2NhbGVkLmpwZyIsInNsaWRlc2hvdyI6Ijk1NjdjNDQifQ%3D%3D\">\n\t\t\t\t\t<div class=\"e-gallery-image elementor-gallery-item__image\" data-thumbnail=\"https:\/\/klen.hr\/wp-content\/uploads\/2023\/07\/20191026_101228-scaled.jpg\" data-width=\"1920\" data-height=\"2560\" aria-label=\"Drvene terase\" role=\"img\" ><\/div>\n\t\t\t\t\t\t\t\t\t\t\t<div class=\"elementor-gallery-item__overlay\"><\/div>\n\t\t\t\t\t\t\t\t\t\t\t\t\t\t<\/a>\n\t\t\t\t\t\t\t<a class=\"e-gallery-item elementor-gallery-item elementor-animated-content\" href=\"https:\/\/klen.hr\/wp-content\/uploads\/2023\/07\/20230303_132723.jpg\" data-elementor-open-lightbox=\"yes\" data-elementor-lightbox-slideshow=\"9567c44\" data-elementor-lightbox-title=\"Drvene terase\" data-e-action-hash=\"#elementor-action%3Aaction%3Dlightbox%26settings%3DeyJpZCI6MTMxOSwidXJsIjoiaHR0cHM6XC9cL2tsZW4uaHJcL3dwLWNvbnRlbnRcL3VwbG9hZHNcLzIwMjNcLzA3XC8yMDIzMDMwM18xMzI3MjMuanBnIiwic2xpZGVzaG93IjoiOTU2N2M0NCJ9\">\n\t\t\t\t\t<div class=\"e-gallery-image elementor-gallery-item__image\" data-thumbnail=\"https:\/\/klen.hr\/wp-content\/uploads\/2023\/07\/20230303_132723.jpg\" data-width=\"2016\" data-height=\"1512\" aria-label=\"Drvene terase\" role=\"img\" ><\/div>\n\t\t\t\t\t\t\t\t\t\t\t<div class=\"elementor-gallery-item__overlay\"><\/div>\n\t\t\t\t\t\t\t\t\t\t\t\t\t\t<\/a>\n\t\t\t\t\t\t\t<a class=\"e-gallery-item elementor-gallery-item elementor-animated-content\" href=\"https:\/\/klen.hr\/wp-content\/uploads\/2023\/07\/DSC_5234-scaled.jpg\" data-elementor-open-lightbox=\"yes\" data-elementor-lightbox-slideshow=\"9567c44\" data-elementor-lightbox-title=\"Drvene terase\" data-e-action-hash=\"#elementor-action%3Aaction%3Dlightbox%26settings%3DeyJpZCI6MTMyMCwidXJsIjoiaHR0cHM6XC9cL2tsZW4uaHJcL3dwLWNvbnRlbnRcL3VwbG9hZHNcLzIwMjNcLzA3XC9EU0NfNTIzNC1zY2FsZWQuanBnIiwic2xpZGVzaG93IjoiOTU2N2M0NCJ9\">\n\t\t\t\t\t<div class=\"e-gallery-image elementor-gallery-item__image\" data-thumbnail=\"https:\/\/klen.hr\/wp-content\/uploads\/2023\/07\/DSC_5234-scaled.jpg\" data-width=\"2560\" data-height=\"1709\" aria-label=\"Drvene terase\" role=\"img\" ><\/div>\n\t\t\t\t\t\t\t\t\t\t\t<div class=\"elementor-gallery-item__overlay\"><\/div>\n\t\t\t\t\t\t\t\t\t\t\t\t\t\t<\/a>\n\t\t\t\t\t\t\t<a class=\"e-gallery-item elementor-gallery-item elementor-animated-content\" href=\"https:\/\/klen.hr\/wp-content\/uploads\/2023\/07\/DSC_8148.jpg\" data-elementor-open-lightbox=\"yes\" data-elementor-lightbox-slideshow=\"9567c44\" data-elementor-lightbox-title=\"Drvene terase\" data-e-action-hash=\"#elementor-action%3Aaction%3Dlightbox%26settings%3DeyJpZCI6MTMyMSwidXJsIjoiaHR0cHM6XC9cL2tsZW4uaHJcL3dwLWNvbnRlbnRcL3VwbG9hZHNcLzIwMjNcLzA3XC9EU0NfODE0OC5qcGciLCJzbGlkZXNob3ciOiI5NTY3YzQ0In0%3D\">\n\t\t\t\t\t<div class=\"e-gallery-image elementor-gallery-item__image\" data-thumbnail=\"https:\/\/klen.hr\/wp-content\/uploads\/2023\/07\/DSC_8148.jpg\" data-width=\"2500\" data-height=\"1669\" aria-label=\"Drvene terase\" role=\"img\" ><\/div>\n\t\t\t\t\t\t\t\t\t\t\t<div class=\"elementor-gallery-item__overlay\"><\/div>\n\t\t\t\t\t\t\t\t\t\t\t\t\t\t<\/a>\n\t\t\t\t\t\t\t<a class=\"e-gallery-item elementor-gallery-item elementor-animated-content\" href=\"https:\/\/klen.hr\/wp-content\/uploads\/2023\/07\/DSC_8155.jpg\" data-elementor-open-lightbox=\"yes\" data-elementor-lightbox-slideshow=\"9567c44\" data-elementor-lightbox-title=\"Drvene terase\" data-e-action-hash=\"#elementor-action%3Aaction%3Dlightbox%26settings%3DeyJpZCI6MTMyMiwidXJsIjoiaHR0cHM6XC9cL2tsZW4uaHJcL3dwLWNvbnRlbnRcL3VwbG9hZHNcLzIwMjNcLzA3XC9EU0NfODE1NS5qcGciLCJzbGlkZXNob3ciOiI5NTY3YzQ0In0%3D\">\n\t\t\t\t\t<div class=\"e-gallery-image elementor-gallery-item__image\" data-thumbnail=\"https:\/\/klen.hr\/wp-content\/uploads\/2023\/07\/DSC_8155.jpg\" data-width=\"2500\" data-height=\"1731\" aria-label=\"Drvene terase\" role=\"img\" ><\/div>\n\t\t\t\t\t\t\t\t\t\t\t<div class=\"elementor-gallery-item__overlay\"><\/div>\n\t\t\t\t\t\t\t\t\t\t\t\t\t\t<\/a>\n\t\t\t\t\t\t\t<a class=\"e-gallery-item elementor-gallery-item elementor-animated-content\" href=\"https:\/\/klen.hr\/wp-content\/uploads\/2023\/07\/DSC_8158.jpg\" data-elementor-open-lightbox=\"yes\" data-elementor-lightbox-slideshow=\"9567c44\" data-elementor-lightbox-title=\"Drvene terase\" data-e-action-hash=\"#elementor-action%3Aaction%3Dlightbox%26settings%3DeyJpZCI6MTMyMywidXJsIjoiaHR0cHM6XC9cL2tsZW4uaHJcL3dwLWNvbnRlbnRcL3VwbG9hZHNcLzIwMjNcLzA3XC9EU0NfODE1OC5qcGciLCJzbGlkZXNob3ciOiI5NTY3YzQ0In0%3D\">\n\t\t\t\t\t<div class=\"e-gallery-image elementor-gallery-item__image\" data-thumbnail=\"https:\/\/klen.hr\/wp-content\/uploads\/2023\/07\/DSC_8158.jpg\" data-width=\"2500\" data-height=\"1718\" aria-label=\"Drvene terase\" role=\"img\" ><\/div>\n\t\t\t\t\t\t\t\t\t\t\t<div class=\"elementor-gallery-item__overlay\"><\/div>\n\t\t\t\t\t\t\t\t\t\t\t\t\t\t<\/a>\n\t\t\t\t\t\t\t<a class=\"e-gallery-item elementor-gallery-item elementor-animated-content\" href=\"https:\/\/klen.hr\/wp-content\/uploads\/2023\/07\/DSC_8180.jpg\" data-elementor-open-lightbox=\"yes\" data-elementor-lightbox-slideshow=\"9567c44\" data-elementor-lightbox-title=\"Drvene terase\" data-e-action-hash=\"#elementor-action%3Aaction%3Dlightbox%26settings%3DeyJpZCI6MTMyNCwidXJsIjoiaHR0cHM6XC9cL2tsZW4uaHJcL3dwLWNvbnRlbnRcL3VwbG9hZHNcLzIwMjNcLzA3XC9EU0NfODE4MC5qcGciLCJzbGlkZXNob3ciOiI5NTY3YzQ0In0%3D\">\n\t\t\t\t\t<div class=\"e-gallery-image elementor-gallery-item__image\" data-thumbnail=\"https:\/\/klen.hr\/wp-content\/uploads\/2023\/07\/DSC_8180.jpg\" data-width=\"2500\" data-height=\"1669\" aria-label=\"Drvene terase\" role=\"img\" ><\/div>\n\t\t\t\t\t\t\t\t\t\t\t<div class=\"elementor-gallery-item__overlay\"><\/div>\n\t\t\t\t\t\t\t\t\t\t\t\t\t\t<\/a>\n\t\t\t\t\t\t\t<a class=\"e-gallery-item elementor-gallery-item elementor-animated-content\" href=\"https:\/\/klen.hr\/wp-content\/uploads\/2023\/07\/DSC_8199.jpg\" data-elementor-open-lightbox=\"yes\" data-elementor-lightbox-slideshow=\"9567c44\" data-elementor-lightbox-title=\"Drvene terase\" data-e-action-hash=\"#elementor-action%3Aaction%3Dlightbox%26settings%3DeyJpZCI6MTMyNSwidXJsIjoiaHR0cHM6XC9cL2tsZW4uaHJcL3dwLWNvbnRlbnRcL3VwbG9hZHNcLzIwMjNcLzA3XC9EU0NfODE5OS5qcGciLCJzbGlkZXNob3ciOiI5NTY3YzQ0In0%3D\">\n\t\t\t\t\t<div class=\"e-gallery-image elementor-gallery-item__image\" data-thumbnail=\"https:\/\/klen.hr\/wp-content\/uploads\/2023\/07\/DSC_8199.jpg\" data-width=\"2500\" data-height=\"1597\" aria-label=\"Drvene terase\" role=\"img\" ><\/div>\n\t\t\t\t\t\t\t\t\t\t\t<div class=\"elementor-gallery-item__overlay\"><\/div>\n\t\t\t\t\t\t\t\t\t\t\t\t\t\t<\/a>\n\t\t\t\t\t\t\t<a class=\"e-gallery-item elementor-gallery-item elementor-animated-content\" href=\"https:\/\/klen.hr\/wp-content\/uploads\/2023\/07\/DSC_8205.jpg\" data-elementor-open-lightbox=\"yes\" data-elementor-lightbox-slideshow=\"9567c44\" data-elementor-lightbox-title=\"Drvene terase\" data-e-action-hash=\"#elementor-action%3Aaction%3Dlightbox%26settings%3DeyJpZCI6MTMyNiwidXJsIjoiaHR0cHM6XC9cL2tsZW4uaHJcL3dwLWNvbnRlbnRcL3VwbG9hZHNcLzIwMjNcLzA3XC9EU0NfODIwNS5qcGciLCJzbGlkZXNob3ciOiI5NTY3YzQ0In0%3D\">\n\t\t\t\t\t<div class=\"e-gallery-image elementor-gallery-item__image\" data-thumbnail=\"https:\/\/klen.hr\/wp-content\/uploads\/2023\/07\/DSC_8205.jpg\" data-width=\"2500\" data-height=\"1669\" aria-label=\"Drvene terase\" role=\"img\" ><\/div>\n\t\t\t\t\t\t\t\t\t\t\t<div class=\"elementor-gallery-item__overlay\"><\/div>\n\t\t\t\t\t\t\t\t\t\t\t\t\t\t<\/a>\n\t\t\t\t\t\t\t<a class=\"e-gallery-item elementor-gallery-item elementor-animated-content\" href=\"https:\/\/klen.hr\/wp-content\/uploads\/2023\/07\/DSC_8213.jpg\" data-elementor-open-lightbox=\"yes\" data-elementor-lightbox-slideshow=\"9567c44\" data-elementor-lightbox-title=\"Drvene terase\" data-e-action-hash=\"#elementor-action%3Aaction%3Dlightbox%26settings%3DeyJpZCI6MTMyNywidXJsIjoiaHR0cHM6XC9cL2tsZW4uaHJcL3dwLWNvbnRlbnRcL3VwbG9hZHNcLzIwMjNcLzA3XC9EU0NfODIxMy5qcGciLCJzbGlkZXNob3ciOiI5NTY3YzQ0In0%3D\">\n\t\t\t\t\t<div class=\"e-gallery-image elementor-gallery-item__image\" data-thumbnail=\"https:\/\/klen.hr\/wp-content\/uploads\/2023\/07\/DSC_8213.jpg\" data-width=\"2500\" data-height=\"1669\" aria-label=\"Drvene terase\" role=\"img\" ><\/div>\n\t\t\t\t\t\t\t\t\t\t\t<div class=\"elementor-gallery-item__overlay\"><\/div>\n\t\t\t\t\t\t\t\t\t\t\t\t\t\t<\/a>\n\t\t\t\t\t\t\t<a class=\"e-gallery-item elementor-gallery-item elementor-animated-content\" href=\"https:\/\/klen.hr\/wp-content\/uploads\/2023\/07\/DSC_8215.jpg\" data-elementor-open-lightbox=\"yes\" data-elementor-lightbox-slideshow=\"9567c44\" data-elementor-lightbox-title=\"Drvene terase\" data-e-action-hash=\"#elementor-action%3Aaction%3Dlightbox%26settings%3DeyJpZCI6MTMyOCwidXJsIjoiaHR0cHM6XC9cL2tsZW4uaHJcL3dwLWNvbnRlbnRcL3VwbG9hZHNcLzIwMjNcLzA3XC9EU0NfODIxNS5qcGciLCJzbGlkZXNob3ciOiI5NTY3YzQ0In0%3D\">\n\t\t\t\t\t<div class=\"e-gallery-image elementor-gallery-item__image\" data-thumbnail=\"https:\/\/klen.hr\/wp-content\/uploads\/2023\/07\/DSC_8215.jpg\" data-width=\"2500\" data-height=\"1669\" aria-label=\"Drvene terase\" role=\"img\" ><\/div>\n\t\t\t\t\t\t\t\t\t\t\t<div class=\"elementor-gallery-item__overlay\"><\/div>\n\t\t\t\t\t\t\t\t\t\t\t\t\t\t<\/a>\n\t\t\t\t\t\t\t<a class=\"e-gallery-item elementor-gallery-item elementor-animated-content\" href=\"https:\/\/klen.hr\/wp-content\/uploads\/2023\/07\/DSC_8218.jpg\" data-elementor-open-lightbox=\"yes\" data-elementor-lightbox-slideshow=\"9567c44\" data-elementor-lightbox-title=\"Drvene terase\" data-e-action-hash=\"#elementor-action%3Aaction%3Dlightbox%26settings%3DeyJpZCI6MTMyOSwidXJsIjoiaHR0cHM6XC9cL2tsZW4uaHJcL3dwLWNvbnRlbnRcL3VwbG9hZHNcLzIwMjNcLzA3XC9EU0NfODIxOC5qcGciLCJzbGlkZXNob3ciOiI5NTY3YzQ0In0%3D\">\n\t\t\t\t\t<div class=\"e-gallery-image elementor-gallery-item__image\" data-thumbnail=\"https:\/\/klen.hr\/wp-content\/uploads\/2023\/07\/DSC_8218.jpg\" data-width=\"2500\" data-height=\"1669\" aria-label=\"Drvene terase\" role=\"img\" ><\/div>\n\t\t\t\t\t\t\t\t\t\t\t<div class=\"elementor-gallery-item__overlay\"><\/div>\n\t\t\t\t\t\t\t\t\t\t\t\t\t\t<\/a>\n\t\t\t\t\t\t\t<a class=\"e-gallery-item elementor-gallery-item elementor-animated-content\" href=\"https:\/\/klen.hr\/wp-content\/uploads\/2023\/07\/DSC_8219.jpg\" data-elementor-open-lightbox=\"yes\" data-elementor-lightbox-slideshow=\"9567c44\" data-elementor-lightbox-title=\"Drvene terase\" data-e-action-hash=\"#elementor-action%3Aaction%3Dlightbox%26settings%3DeyJpZCI6MTMzMCwidXJsIjoiaHR0cHM6XC9cL2tsZW4uaHJcL3dwLWNvbnRlbnRcL3VwbG9hZHNcLzIwMjNcLzA3XC9EU0NfODIxOS5qcGciLCJzbGlkZXNob3ciOiI5NTY3YzQ0In0%3D\">\n\t\t\t\t\t<div class=\"e-gallery-image elementor-gallery-item__image\" data-thumbnail=\"https:\/\/klen.hr\/wp-content\/uploads\/2023\/07\/DSC_8219.jpg\" data-width=\"2500\" data-height=\"1669\" aria-label=\"Drvene terase\" role=\"img\" ><\/div>\n\t\t\t\t\t\t\t\t\t\t\t<div class=\"elementor-gallery-item__overlay\"><\/div>\n\t\t\t\t\t\t\t\t\t\t\t\t\t\t<\/a>\n\t\t\t\t\t\t\t<a class=\"e-gallery-item elementor-gallery-item elementor-animated-content\" href=\"https:\/\/klen.hr\/wp-content\/uploads\/2023\/07\/DSC_8252.jpg\" data-elementor-open-lightbox=\"yes\" data-elementor-lightbox-slideshow=\"9567c44\" data-elementor-lightbox-title=\"Drvene terase\" data-e-action-hash=\"#elementor-action%3Aaction%3Dlightbox%26settings%3DeyJpZCI6MTMzMSwidXJsIjoiaHR0cHM6XC9cL2tsZW4uaHJcL3dwLWNvbnRlbnRcL3VwbG9hZHNcLzIwMjNcLzA3XC9EU0NfODI1Mi5qcGciLCJzbGlkZXNob3ciOiI5NTY3YzQ0In0%3D\">\n\t\t\t\t\t<div class=\"e-gallery-image elementor-gallery-item__image\" data-thumbnail=\"https:\/\/klen.hr\/wp-content\/uploads\/2023\/07\/DSC_8252.jpg\" data-width=\"2500\" data-height=\"1669\" aria-label=\"Drvene terase\" role=\"img\" ><\/div>\n\t\t\t\t\t\t\t\t\t\t\t<div class=\"elementor-gallery-item__overlay\"><\/div>\n\t\t\t\t\t\t\t\t\t\t\t\t\t\t<\/a>\n\t\t\t\t\t\t\t<a class=\"e-gallery-item elementor-gallery-item elementor-animated-content\" href=\"https:\/\/klen.hr\/wp-content\/uploads\/2023\/07\/DSC_8255.jpg\" data-elementor-open-lightbox=\"yes\" data-elementor-lightbox-slideshow=\"9567c44\" data-elementor-lightbox-title=\"Drvene terase\" data-e-action-hash=\"#elementor-action%3Aaction%3Dlightbox%26settings%3DeyJpZCI6MTMzMiwidXJsIjoiaHR0cHM6XC9cL2tsZW4uaHJcL3dwLWNvbnRlbnRcL3VwbG9hZHNcLzIwMjNcLzA3XC9EU0NfODI1NS5qcGciLCJzbGlkZXNob3ciOiI5NTY3YzQ0In0%3D\">\n\t\t\t\t\t<div class=\"e-gallery-image elementor-gallery-item__image\" data-thumbnail=\"https:\/\/klen.hr\/wp-content\/uploads\/2023\/07\/DSC_8255.jpg\" data-width=\"2500\" data-height=\"1669\" aria-label=\"Drvene terase\" role=\"img\" ><\/div>\n\t\t\t\t\t\t\t\t\t\t\t<div class=\"elementor-gallery-item__overlay\"><\/div>\n\t\t\t\t\t\t\t\t\t\t\t\t\t\t<\/a>\n\t\t\t\t\t\t\t<a class=\"e-gallery-item elementor-gallery-item elementor-animated-content\" href=\"https:\/\/klen.hr\/wp-content\/uploads\/2023\/07\/DSC_8256.jpg\" data-elementor-open-lightbox=\"yes\" data-elementor-lightbox-slideshow=\"9567c44\" data-elementor-lightbox-title=\"Drvene terase\" data-e-action-hash=\"#elementor-action%3Aaction%3Dlightbox%26settings%3DeyJpZCI6MTMzMywidXJsIjoiaHR0cHM6XC9cL2tsZW4uaHJcL3dwLWNvbnRlbnRcL3VwbG9hZHNcLzIwMjNcLzA3XC9EU0NfODI1Ni5qcGciLCJzbGlkZXNob3ciOiI5NTY3YzQ0In0%3D\">\n\t\t\t\t\t<div class=\"e-gallery-image elementor-gallery-item__image\" data-thumbnail=\"https:\/\/klen.hr\/wp-content\/uploads\/2023\/07\/DSC_8256.jpg\" data-width=\"2500\" data-height=\"1669\" aria-label=\"Drvene terase\" role=\"img\" ><\/div>\n\t\t\t\t\t\t\t\t\t\t\t<div class=\"elementor-gallery-item__overlay\"><\/div>\n\t\t\t\t\t\t\t\t\t\t\t\t\t\t<\/a>\n\t\t\t\t\t\t\t<a class=\"e-gallery-item elementor-gallery-item elementor-animated-content\" href=\"https:\/\/klen.hr\/wp-content\/uploads\/2023\/07\/DSC_8260.jpg\" data-elementor-open-lightbox=\"yes\" data-elementor-lightbox-slideshow=\"9567c44\" data-elementor-lightbox-title=\"Drvene terase\" data-e-action-hash=\"#elementor-action%3Aaction%3Dlightbox%26settings%3DeyJpZCI6MTMzNCwidXJsIjoiaHR0cHM6XC9cL2tsZW4uaHJcL3dwLWNvbnRlbnRcL3VwbG9hZHNcLzIwMjNcLzA3XC9EU0NfODI2MC5qcGciLCJzbGlkZXNob3ciOiI5NTY3YzQ0In0%3D\">\n\t\t\t\t\t<div class=\"e-gallery-image elementor-gallery-item__image\" data-thumbnail=\"https:\/\/klen.hr\/wp-content\/uploads\/2023\/07\/DSC_8260.jpg\" data-width=\"2500\" data-height=\"1669\" aria-label=\"Drvene terase\" role=\"img\" ><\/div>\n\t\t\t\t\t\t\t\t\t\t\t<div class=\"elementor-gallery-item__overlay\"><\/div>\n\t\t\t\t\t\t\t\t\t\t\t\t\t\t<\/a>\n\t\t\t\t\t\t\t<a class=\"e-gallery-item elementor-gallery-item elementor-animated-content\" href=\"https:\/\/klen.hr\/wp-content\/uploads\/2023\/07\/DSC_8265.jpg\" data-elementor-open-lightbox=\"yes\" data-elementor-lightbox-slideshow=\"9567c44\" data-elementor-lightbox-title=\"Drvene terase\" data-e-action-hash=\"#elementor-action%3Aaction%3Dlightbox%26settings%3DeyJpZCI6MTMzNSwidXJsIjoiaHR0cHM6XC9cL2tsZW4uaHJcL3dwLWNvbnRlbnRcL3VwbG9hZHNcLzIwMjNcLzA3XC9EU0NfODI2NS5qcGciLCJzbGlkZXNob3ciOiI5NTY3YzQ0In0%3D\">\n\t\t\t\t\t<div class=\"e-gallery-image elementor-gallery-item__image\" data-thumbnail=\"https:\/\/klen.hr\/wp-content\/uploads\/2023\/07\/DSC_8265.jpg\" data-width=\"2500\" data-height=\"1669\" aria-label=\"Drvene terase\" role=\"img\" ><\/div>\n\t\t\t\t\t\t\t\t\t\t\t<div class=\"elementor-gallery-item__overlay\"><\/div>\n\t\t\t\t\t\t\t\t\t\t\t\t\t\t<\/a>\n\t\t\t\t\t\t\t<a class=\"e-gallery-item elementor-gallery-item elementor-animated-content\" href=\"https:\/\/klen.hr\/wp-content\/uploads\/2023\/07\/DSC_8270.jpg\" data-elementor-open-lightbox=\"yes\" data-elementor-lightbox-slideshow=\"9567c44\" data-elementor-lightbox-title=\"Drvene terase\" data-e-action-hash=\"#elementor-action%3Aaction%3Dlightbox%26settings%3DeyJpZCI6MTMzNiwidXJsIjoiaHR0cHM6XC9cL2tsZW4uaHJcL3dwLWNvbnRlbnRcL3VwbG9hZHNcLzIwMjNcLzA3XC9EU0NfODI3MC5qcGciLCJzbGlkZXNob3ciOiI5NTY3YzQ0In0%3D\">\n\t\t\t\t\t<div class=\"e-gallery-image elementor-gallery-item__image\" data-thumbnail=\"https:\/\/klen.hr\/wp-content\/uploads\/2023\/07\/DSC_8270.jpg\" data-width=\"2500\" data-height=\"1669\" aria-label=\"Drvene terase\" role=\"img\" ><\/div>\n\t\t\t\t\t\t\t\t\t\t\t<div class=\"elementor-gallery-item__overlay\"><\/div>\n\t\t\t\t\t\t\t\t\t\t\t\t\t\t<\/a>\n\t\t\t\t\t\t\t<a class=\"e-gallery-item elementor-gallery-item elementor-animated-content\" href=\"https:\/\/klen.hr\/wp-content\/uploads\/2023\/07\/DSC_8276.jpg\" data-elementor-open-lightbox=\"yes\" data-elementor-lightbox-slideshow=\"9567c44\" data-elementor-lightbox-title=\"Drvene terase\" data-e-action-hash=\"#elementor-action%3Aaction%3Dlightbox%26settings%3DeyJpZCI6MTMzNywidXJsIjoiaHR0cHM6XC9cL2tsZW4uaHJcL3dwLWNvbnRlbnRcL3VwbG9hZHNcLzIwMjNcLzA3XC9EU0NfODI3Ni5qcGciLCJzbGlkZXNob3ciOiI5NTY3YzQ0In0%3D\">\n\t\t\t\t\t<div class=\"e-gallery-image elementor-gallery-item__image\" data-thumbnail=\"https:\/\/klen.hr\/wp-content\/uploads\/2023\/07\/DSC_8276.jpg\" data-width=\"2500\" data-height=\"1669\" aria-label=\"Drvene terase\" role=\"img\" ><\/div>\n\t\t\t\t\t\t\t\t\t\t\t<div class=\"elementor-gallery-item__overlay\"><\/div>\n\t\t\t\t\t\t\t\t\t\t\t\t\t\t<\/a>\n\t\t\t\t\t\t\t<a class=\"e-gallery-item elementor-gallery-item elementor-animated-content\" href=\"https:\/\/klen.hr\/wp-content\/uploads\/2023\/07\/DSC_8279.jpg\" data-elementor-open-lightbox=\"yes\" data-elementor-lightbox-slideshow=\"9567c44\" data-elementor-lightbox-title=\"Drvene terase\" data-e-action-hash=\"#elementor-action%3Aaction%3Dlightbox%26settings%3DeyJpZCI6MTMzOCwidXJsIjoiaHR0cHM6XC9cL2tsZW4uaHJcL3dwLWNvbnRlbnRcL3VwbG9hZHNcLzIwMjNcLzA3XC9EU0NfODI3OS5qcGciLCJzbGlkZXNob3ciOiI5NTY3YzQ0In0%3D\">\n\t\t\t\t\t<div class=\"e-gallery-image elementor-gallery-item__image\" data-thumbnail=\"https:\/\/klen.hr\/wp-content\/uploads\/2023\/07\/DSC_8279.jpg\" data-width=\"2500\" data-height=\"1669\" aria-label=\"Drvene terase\" role=\"img\" ><\/div>\n\t\t\t\t\t\t\t\t\t\t\t<div class=\"elementor-gallery-item__overlay\"><\/div>\n\t\t\t\t\t\t\t\t\t\t\t\t\t\t<\/a>\n\t\t\t\t\t\t\t<a class=\"e-gallery-item elementor-gallery-item elementor-animated-content\" href=\"https:\/\/klen.hr\/wp-content\/uploads\/2023\/07\/DSC_8283.jpg\" data-elementor-open-lightbox=\"yes\" data-elementor-lightbox-slideshow=\"9567c44\" data-elementor-lightbox-title=\"Drvene terase\" data-e-action-hash=\"#elementor-action%3Aaction%3Dlightbox%26settings%3DeyJpZCI6MTMzOSwidXJsIjoiaHR0cHM6XC9cL2tsZW4uaHJcL3dwLWNvbnRlbnRcL3VwbG9hZHNcLzIwMjNcLzA3XC9EU0NfODI4My5qcGciLCJzbGlkZXNob3ciOiI5NTY3YzQ0In0%3D\">\n\t\t\t\t\t<div class=\"e-gallery-image elementor-gallery-item__image\" data-thumbnail=\"https:\/\/klen.hr\/wp-content\/uploads\/2023\/07\/DSC_8283.jpg\" data-width=\"2500\" data-height=\"1669\" aria-label=\"Drvene terase\" role=\"img\" ><\/div>\n\t\t\t\t\t\t\t\t\t\t\t<div class=\"elementor-gallery-item__overlay\"><\/div>\n\t\t\t\t\t\t\t\t\t\t\t\t\t\t<\/a>\n\t\t\t\t\t\t\t<a class=\"e-gallery-item elementor-gallery-item elementor-animated-content\" href=\"https:\/\/klen.hr\/wp-content\/uploads\/2023\/07\/IMG_4681.jpg\" data-elementor-open-lightbox=\"yes\" data-elementor-lightbox-slideshow=\"9567c44\" data-elementor-lightbox-title=\"Drvene terase\" data-e-action-hash=\"#elementor-action%3Aaction%3Dlightbox%26settings%3DeyJpZCI6MTM0MCwidXJsIjoiaHR0cHM6XC9cL2tsZW4uaHJcL3dwLWNvbnRlbnRcL3VwbG9hZHNcLzIwMjNcLzA3XC9JTUdfNDY4MS5qcGciLCJzbGlkZXNob3ciOiI5NTY3YzQ0In0%3D\">\n\t\t\t\t\t<div class=\"e-gallery-image elementor-gallery-item__image\" data-thumbnail=\"https:\/\/klen.hr\/wp-content\/uploads\/2023\/07\/IMG_4681.jpg\" data-width=\"1280\" data-height=\"853\" aria-label=\"Drvene terase\" role=\"img\" ><\/div>\n\t\t\t\t\t\t\t\t\t\t\t<div class=\"elementor-gallery-item__overlay\"><\/div>\n\t\t\t\t\t\t\t\t\t\t\t\t\t\t<\/a>\n\t\t\t\t\t\t\t<a class=\"e-gallery-item elementor-gallery-item elementor-animated-content\" href=\"https:\/\/klen.hr\/wp-content\/uploads\/2023\/07\/IMG-51abcdc42f9d4b2b25af2d2bb7cc1859-V.jpg\" data-elementor-open-lightbox=\"yes\" data-elementor-lightbox-slideshow=\"9567c44\" data-elementor-lightbox-title=\"Drvene terase\" data-e-action-hash=\"#elementor-action%3Aaction%3Dlightbox%26settings%3DeyJpZCI6MTM0MSwidXJsIjoiaHR0cHM6XC9cL2tsZW4uaHJcL3dwLWNvbnRlbnRcL3VwbG9hZHNcLzIwMjNcLzA3XC9JTUctNTFhYmNkYzQyZjlkNGIyYjI1YWYyZDJiYjdjYzE4NTktVi5qcGciLCJzbGlkZXNob3ciOiI5NTY3YzQ0In0%3D\">\n\t\t\t\t\t<div class=\"e-gallery-image elementor-gallery-item__image\" data-thumbnail=\"https:\/\/klen.hr\/wp-content\/uploads\/2023\/07\/IMG-51abcdc42f9d4b2b25af2d2bb7cc1859-V.jpg\" data-width=\"1600\" data-height=\"1200\" aria-label=\"Drvene terase\" role=\"img\" ><\/div>\n\t\t\t\t\t\t\t\t\t\t\t<div class=\"elementor-gallery-item__overlay\"><\/div>\n\t\t\t\t\t\t\t\t\t\t\t\t\t\t<\/a>\n\t\t\t\t\t\t\t<a class=\"e-gallery-item elementor-gallery-item elementor-animated-content\" href=\"https:\/\/klen.hr\/wp-content\/uploads\/2023\/07\/IMG-714b83ab685ecb44bf79e058da7900e4-V.jpg\" data-elementor-open-lightbox=\"yes\" data-elementor-lightbox-slideshow=\"9567c44\" data-elementor-lightbox-title=\"Drvene terase\" data-e-action-hash=\"#elementor-action%3Aaction%3Dlightbox%26settings%3DeyJpZCI6MTM0MiwidXJsIjoiaHR0cHM6XC9cL2tsZW4uaHJcL3dwLWNvbnRlbnRcL3VwbG9hZHNcLzIwMjNcLzA3XC9JTUctNzE0YjgzYWI2ODVlY2I0NGJmNzllMDU4ZGE3OTAwZTQtVi5qcGciLCJzbGlkZXNob3ciOiI5NTY3YzQ0In0%3D\">\n\t\t\t\t\t<div class=\"e-gallery-image elementor-gallery-item__image\" data-thumbnail=\"https:\/\/klen.hr\/wp-content\/uploads\/2023\/07\/IMG-714b83ab685ecb44bf79e058da7900e4-V.jpg\" data-width=\"1600\" data-height=\"1200\" aria-label=\"Drvene terase\" role=\"img\" ><\/div>\n\t\t\t\t\t\t\t\t\t\t\t<div class=\"elementor-gallery-item__overlay\"><\/div>\n\t\t\t\t\t\t\t\t\t\t\t\t\t\t<\/a>\n\t\t\t\t\t\t\t<a class=\"e-gallery-item elementor-gallery-item elementor-animated-content\" href=\"https:\/\/klen.hr\/wp-content\/uploads\/2023\/07\/IMG-20200721-WA0000.jpg\" data-elementor-open-lightbox=\"yes\" data-elementor-lightbox-slideshow=\"9567c44\" data-elementor-lightbox-title=\"Drvene terase\" data-e-action-hash=\"#elementor-action%3Aaction%3Dlightbox%26settings%3DeyJpZCI6MTM0MywidXJsIjoiaHR0cHM6XC9cL2tsZW4uaHJcL3dwLWNvbnRlbnRcL3VwbG9hZHNcLzIwMjNcLzA3XC9JTUctMjAyMDA3MjEtV0EwMDAwLmpwZyIsInNsaWRlc2hvdyI6Ijk1NjdjNDQifQ%3D%3D\">\n\t\t\t\t\t<div class=\"e-gallery-image elementor-gallery-item__image\" data-thumbnail=\"https:\/\/klen.hr\/wp-content\/uploads\/2023\/07\/IMG-20200721-WA0000.jpg\" data-width=\"1600\" data-height=\"1200\" aria-label=\"Drvene terase\" role=\"img\" ><\/div>\n\t\t\t\t\t\t\t\t\t\t\t<div class=\"elementor-gallery-item__overlay\"><\/div>\n\t\t\t\t\t\t\t\t\t\t\t\t\t\t<\/a>\n\t\t\t\t\t\t\t<a class=\"e-gallery-item elementor-gallery-item elementor-animated-content\" href=\"https:\/\/klen.hr\/wp-content\/uploads\/2023\/07\/IMG-20200909-WA0006.jpg\" data-elementor-open-lightbox=\"yes\" data-elementor-lightbox-slideshow=\"9567c44\" data-elementor-lightbox-title=\"Drvene terase\" data-e-action-hash=\"#elementor-action%3Aaction%3Dlightbox%26settings%3DeyJpZCI6MTM0NCwidXJsIjoiaHR0cHM6XC9cL2tsZW4uaHJcL3dwLWNvbnRlbnRcL3VwbG9hZHNcLzIwMjNcLzA3XC9JTUctMjAyMDA5MDktV0EwMDA2LmpwZyIsInNsaWRlc2hvdyI6Ijk1NjdjNDQifQ%3D%3D\">\n\t\t\t\t\t<div class=\"e-gallery-image elementor-gallery-item__image\" data-thumbnail=\"https:\/\/klen.hr\/wp-content\/uploads\/2023\/07\/IMG-20200909-WA0006.jpg\" data-width=\"1600\" data-height=\"1200\" aria-label=\"Drvene terase\" role=\"img\" ><\/div>\n\t\t\t\t\t\t\t\t\t\t\t<div class=\"elementor-gallery-item__overlay\"><\/div>\n\t\t\t\t\t\t\t\t\t\t\t\t\t\t<\/a>\n\t\t\t\t\t\t\t<a class=\"e-gallery-item elementor-gallery-item elementor-animated-content\" href=\"https:\/\/klen.hr\/wp-content\/uploads\/2023\/07\/IMG-20230724-WA0004.jpg\" data-elementor-open-lightbox=\"yes\" data-elementor-lightbox-slideshow=\"9567c44\" data-elementor-lightbox-title=\"Drvene terase\" data-e-action-hash=\"#elementor-action%3Aaction%3Dlightbox%26settings%3DeyJpZCI6MTM0NSwidXJsIjoiaHR0cHM6XC9cL2tsZW4uaHJcL3dwLWNvbnRlbnRcL3VwbG9hZHNcLzIwMjNcLzA3XC9JTUctMjAyMzA3MjQtV0EwMDA0LmpwZyIsInNsaWRlc2hvdyI6Ijk1NjdjNDQifQ%3D%3D\">\n\t\t\t\t\t<div class=\"e-gallery-image elementor-gallery-item__image\" data-thumbnail=\"https:\/\/klen.hr\/wp-content\/uploads\/2023\/07\/IMG-20230724-WA0004.jpg\" data-width=\"1600\" data-height=\"747\" aria-label=\"Drvene terase\" role=\"img\" ><\/div>\n\t\t\t\t\t\t\t\t\t\t\t<div class=\"elementor-gallery-item__overlay\"><\/div>\n\t\t\t\t\t\t\t\t\t\t\t\t\t\t<\/a>\n\t\t\t\t\t\t\t<a class=\"e-gallery-item elementor-gallery-item elementor-animated-content\" href=\"https:\/\/klen.hr\/wp-content\/uploads\/2023\/07\/IMG-a4f987d8b0476f03655cb78884bdfa74-V.jpg\" data-elementor-open-lightbox=\"yes\" data-elementor-lightbox-slideshow=\"9567c44\" data-elementor-lightbox-title=\"Drvene terase\" data-e-action-hash=\"#elementor-action%3Aaction%3Dlightbox%26settings%3DeyJpZCI6MTM0NiwidXJsIjoiaHR0cHM6XC9cL2tsZW4uaHJcL3dwLWNvbnRlbnRcL3VwbG9hZHNcLzIwMjNcLzA3XC9JTUctYTRmOTg3ZDhiMDQ3NmYwMzY1NWNiNzg4ODRiZGZhNzQtVi5qcGciLCJzbGlkZXNob3ciOiI5NTY3YzQ0In0%3D\">\n\t\t\t\t\t<div class=\"e-gallery-image elementor-gallery-item__image\" data-thumbnail=\"https:\/\/klen.hr\/wp-content\/uploads\/2023\/07\/IMG-a4f987d8b0476f03655cb78884bdfa74-V.jpg\" data-width=\"1600\" data-height=\"1200\" aria-label=\"Drvene terase\" role=\"img\" ><\/div>\n\t\t\t\t\t\t\t\t\t\t\t<div class=\"elementor-gallery-item__overlay\"><\/div>\n\t\t\t\t\t\t\t\t\t\t\t\t\t\t<\/a>\n\t\t\t\t\t\t\t<a class=\"e-gallery-item elementor-gallery-item elementor-animated-content\" href=\"https:\/\/klen.hr\/wp-content\/uploads\/2023\/07\/IMG-fadbe630871f0aa5359e460061f0b0bf-V.jpg\" data-elementor-open-lightbox=\"yes\" data-elementor-lightbox-slideshow=\"9567c44\" data-elementor-lightbox-title=\"Drvene terase\" data-e-action-hash=\"#elementor-action%3Aaction%3Dlightbox%26settings%3DeyJpZCI6MTM0NywidXJsIjoiaHR0cHM6XC9cL2tsZW4uaHJcL3dwLWNvbnRlbnRcL3VwbG9hZHNcLzIwMjNcLzA3XC9JTUctZmFkYmU2MzA4NzFmMGFhNTM1OWU0NjAwNjFmMGIwYmYtVi5qcGciLCJzbGlkZXNob3ciOiI5NTY3YzQ0In0%3D\">\n\t\t\t\t\t<div class=\"e-gallery-image elementor-gallery-item__image\" data-thumbnail=\"https:\/\/klen.hr\/wp-content\/uploads\/2023\/07\/IMG-fadbe630871f0aa5359e460061f0b0bf-V.jpg\" data-width=\"1600\" data-height=\"1197\" aria-label=\"Drvene terase\" role=\"img\" ><\/div>\n\t\t\t\t\t\t\t\t\t\t\t<div class=\"elementor-gallery-item__overlay\"><\/div>\n\t\t\t\t\t\t\t\t\t\t\t\t\t\t<\/a>\n\t\t\t\t\t<\/div>\n\t\t\t\t\t<\/div>\n\t\t\t\t<\/div>\n\t\t\t\t\t<\/div>\n\t\t<\/div>\n\t\t\t\t\t<\/div>\n\t\t<\/section>\n\t\t\t\t<\/div>\n\t\t","protected":false},"excerpt":{"rendered":"<p>TERRAZZE IN LEGNO Terrazze in legno Le terrazze in legno per esterni KLEN si caratterizzano per affidabilit\u00e0, funzionalit\u00e0 ed estetica. Realizzati in abete rosso austriaco di alta qualit\u00e0 con elevata resistenza e 12% di secchezza, da quelli con design e forma semplici a design moderni e contemporanei. Tutti gli elementi utilizzati durante la produzione vengono [&hellip;]<\/p>\n","protected":false},"author":1,"featured_media":0,"parent":0,"menu_order":0,"comment_status":"closed","ping_status":"closed","template":"","meta":{"site-sidebar-layout":"no-sidebar","site-content-layout":"page-builder","ast-site-content-layout":"default","site-content-style":"default","site-sidebar-style":"default","ast-global-header-display":"","ast-banner-title-visibility":"","ast-main-header-display":"","ast-hfb-above-header-display":"","ast-hfb-below-header-display":"","ast-hfb-mobile-header-display":"","site-post-title":"disabled","ast-breadcrumbs-content":"disabled","ast-featured-img":"disabled","footer-sml-layout":"","ast-disable-related-posts":"","theme-transparent-header-meta":"enabled","adv-header-id-meta":"","stick-header-meta":"default","header-above-stick-meta":"","header-main-stick-meta":"","header-below-stick-meta":"","astra-migrate-meta-layouts":"default","ast-page-background-enabled":"default","ast-page-background-meta":{"desktop":{"background-color":"var(--ast-global-color-4)","background-image":"","background-repeat":"repeat","background-position":"center center","background-size":"auto","background-attachment":"scroll","background-type":"","background-media":"","overlay-type":"","overlay-color":"","overlay-opacity":"","overlay-gradient":""},"tablet":{"background-color":"","background-image":"","background-repeat":"repeat","background-position":"center center","background-size":"auto","background-attachment":"scroll","background-type":"","background-media":"","overlay-type":"","overlay-color":"","overlay-opacity":"","overlay-gradient":""},"mobile":{"background-color":"","background-image":"","background-repeat":"repeat","background-position":"center center","background-size":"auto","background-attachment":"scroll","background-type":"","background-media":"","overlay-type":"","overlay-color":"","overlay-opacity":"","overlay-gradient":""}},"ast-content-background-meta":{"desktop":{"background-color":"var(--ast-global-color-5)","background-image":"","background-repeat":"repeat","background-position":"center center","background-size":"auto","background-attachment":"scroll","background-type":"","background-media":"","overlay-type":"","overlay-color":"","overlay-opacity":"","overlay-gradient":""},"tablet":{"background-color":"var(--ast-global-color-5)","background-image":"","background-repeat":"repeat","background-position":"center center","background-size":"auto","background-attachment":"scroll","background-type":"","background-media":"","overlay-type":"","overlay-color":"","overlay-opacity":"","overlay-gradient":""},"mobile":{"background-color":"var(--ast-global-color-5)","background-image":"","background-repeat":"repeat","background-position":"center center","background-size":"auto","background-attachment":"scroll","background-type":"","background-media":"","overlay-type":"","overlay-color":"","overlay-opacity":"","overlay-gradient":""}},"footnotes":""},"class_list":["post-2008","page","type-page","status-publish","hentry"],"yoast_head":"<!-- This site is optimized with the Yoast SEO plugin v27.3 - https:\/\/yoast.com\/product\/yoast-seo-wordpress\/ -->\n<title>Terrazze in legno - Klen d.o.o.<\/title>\n<meta name=\"robots\" content=\"index, follow, max-snippet:-1, max-image-preview:large, max-video-preview:-1\" \/>\n<link rel=\"canonical\" href=\"https:\/\/klen.hr\/it\/terrazze-in-legno\/\" \/>\n<meta property=\"og:locale\" content=\"it_IT\" \/>\n<meta property=\"og:type\" content=\"article\" \/>\n<meta property=\"og:title\" content=\"Terrazze in legno - Klen d.o.o.\" \/>\n<meta property=\"og:description\" content=\"TERRAZZE IN LEGNO Terrazze in legno Le terrazze in legno per esterni KLEN si caratterizzano per affidabilit\u00e0, funzionalit\u00e0 ed estetica. Realizzati in abete rosso austriaco di alta qualit\u00e0 con elevata resistenza e 12% di secchezza, da quelli con design e forma semplici a design moderni e contemporanei. Tutti gli elementi utilizzati durante la produzione vengono [&hellip;]\" \/>\n<meta property=\"og:url\" content=\"https:\/\/klen.hr\/it\/terrazze-in-legno\/\" \/>\n<meta property=\"og:site_name\" content=\"Klen d.o.o.\" \/>\n<meta property=\"article:publisher\" content=\"https:\/\/www.facebook.com\/klen.hr\" \/>\n<meta property=\"article:modified_time\" content=\"2023-10-26T10:30:30+00:00\" \/>\n<meta property=\"og:image\" content=\"https:\/\/klen.gobo-digital.com\/wp-content\/uploads\/2023\/02\/Drvena-terasa.jpeg\" \/>\n<meta name=\"twitter:card\" content=\"summary_large_image\" \/>\n<meta name=\"twitter:label1\" content=\"Tempo di lettura stimato\" \/>\n\t<meta name=\"twitter:data1\" content=\"2 minuti\" \/>\n<script type=\"application\/ld+json\" class=\"yoast-schema-graph\">{\"@context\":\"https:\\\/\\\/schema.org\",\"@graph\":[{\"@type\":\"WebPage\",\"@id\":\"https:\\\/\\\/klen.hr\\\/it\\\/terrazze-in-legno\\\/\",\"url\":\"https:\\\/\\\/klen.hr\\\/it\\\/terrazze-in-legno\\\/\",\"name\":\"Terrazze in legno - Klen d.o.o.\",\"isPartOf\":{\"@id\":\"https:\\\/\\\/klen.hr\\\/it\\\/#website\"},\"primaryImageOfPage\":{\"@id\":\"https:\\\/\\\/klen.hr\\\/it\\\/terrazze-in-legno\\\/#primaryimage\"},\"image\":{\"@id\":\"https:\\\/\\\/klen.hr\\\/it\\\/terrazze-in-legno\\\/#primaryimage\"},\"thumbnailUrl\":\"https:\\\/\\\/klen.gobo-digital.com\\\/wp-content\\\/uploads\\\/2023\\\/02\\\/Drvena-terasa.jpeg\",\"datePublished\":\"2023-02-28T21:27:34+00:00\",\"dateModified\":\"2023-10-26T10:30:30+00:00\",\"breadcrumb\":{\"@id\":\"https:\\\/\\\/klen.hr\\\/it\\\/terrazze-in-legno\\\/#breadcrumb\"},\"inLanguage\":\"it-IT\",\"potentialAction\":[{\"@type\":\"ReadAction\",\"target\":[\"https:\\\/\\\/klen.hr\\\/it\\\/terrazze-in-legno\\\/\"]}]},{\"@type\":\"ImageObject\",\"inLanguage\":\"it-IT\",\"@id\":\"https:\\\/\\\/klen.hr\\\/it\\\/terrazze-in-legno\\\/#primaryimage\",\"url\":\"https:\\\/\\\/klen.gobo-digital.com\\\/wp-content\\\/uploads\\\/2023\\\/02\\\/Drvena-terasa.jpeg\",\"contentUrl\":\"https:\\\/\\\/klen.gobo-digital.com\\\/wp-content\\\/uploads\\\/2023\\\/02\\\/Drvena-terasa.jpeg\"},{\"@type\":\"BreadcrumbList\",\"@id\":\"https:\\\/\\\/klen.hr\\\/it\\\/terrazze-in-legno\\\/#breadcrumb\",\"itemListElement\":[{\"@type\":\"ListItem\",\"position\":1,\"name\":\"Home\",\"item\":\"https:\\\/\\\/klen.hr\\\/it\\\/home\\\/\"},{\"@type\":\"ListItem\",\"position\":2,\"name\":\"Terrazze in legno\"}]},{\"@type\":\"WebSite\",\"@id\":\"https:\\\/\\\/klen.hr\\\/it\\\/#website\",\"url\":\"https:\\\/\\\/klen.hr\\\/it\\\/\",\"name\":\"Klen d.o.o.\",\"description\":\"Proizvodnja, monta\u017ea i prodaja\",\"publisher\":{\"@id\":\"https:\\\/\\\/klen.hr\\\/it\\\/#organization\"},\"potentialAction\":[{\"@type\":\"SearchAction\",\"target\":{\"@type\":\"EntryPoint\",\"urlTemplate\":\"https:\\\/\\\/klen.hr\\\/it\\\/?s={search_term_string}\"},\"query-input\":{\"@type\":\"PropertyValueSpecification\",\"valueRequired\":true,\"valueName\":\"search_term_string\"}}],\"inLanguage\":\"it-IT\"},{\"@type\":\"Organization\",\"@id\":\"https:\\\/\\\/klen.hr\\\/it\\\/#organization\",\"name\":\"Klen d.o.o.\",\"url\":\"https:\\\/\\\/klen.hr\\\/it\\\/\",\"logo\":{\"@type\":\"ImageObject\",\"inLanguage\":\"it-IT\",\"@id\":\"https:\\\/\\\/klen.hr\\\/it\\\/#\\\/schema\\\/logo\\\/image\\\/\",\"url\":\"https:\\\/\\\/klen.hr\\\/wp-content\\\/uploads\\\/2023\\\/02\\\/KLEN_Smedi-Znak.png\",\"contentUrl\":\"https:\\\/\\\/klen.hr\\\/wp-content\\\/uploads\\\/2023\\\/02\\\/KLEN_Smedi-Znak.png\",\"width\":1000,\"height\":215,\"caption\":\"Klen d.o.o.\"},\"image\":{\"@id\":\"https:\\\/\\\/klen.hr\\\/it\\\/#\\\/schema\\\/logo\\\/image\\\/\"},\"sameAs\":[\"https:\\\/\\\/www.facebook.com\\\/klen.hr\",\"https:\\\/\\\/www.instagram.com\\\/klen_exterior_solutions\\\/\"]}]}<\/script>\n<!-- \/ Yoast SEO plugin. -->","yoast_head_json":{"title":"Terrazze in legno - Klen d.o.o.","robots":{"index":"index","follow":"follow","max-snippet":"max-snippet:-1","max-image-preview":"max-image-preview:large","max-video-preview":"max-video-preview:-1"},"canonical":"https:\/\/klen.hr\/it\/terrazze-in-legno\/","og_locale":"it_IT","og_type":"article","og_title":"Terrazze in legno - Klen d.o.o.","og_description":"TERRAZZE IN LEGNO Terrazze in legno Le terrazze in legno per esterni KLEN si caratterizzano per affidabilit\u00e0, funzionalit\u00e0 ed estetica. Realizzati in abete rosso austriaco di alta qualit\u00e0 con elevata resistenza e 12% di secchezza, da quelli con design e forma semplici a design moderni e contemporanei. Tutti gli elementi utilizzati durante la produzione vengono [&hellip;]","og_url":"https:\/\/klen.hr\/it\/terrazze-in-legno\/","og_site_name":"Klen d.o.o.","article_publisher":"https:\/\/www.facebook.com\/klen.hr","article_modified_time":"2023-10-26T10:30:30+00:00","og_image":[{"url":"https:\/\/klen.gobo-digital.com\/wp-content\/uploads\/2023\/02\/Drvena-terasa.jpeg","type":"","width":"","height":""}],"twitter_card":"summary_large_image","twitter_misc":{"Tempo di lettura stimato":"2 minuti"},"schema":{"@context":"https:\/\/schema.org","@graph":[{"@type":"WebPage","@id":"https:\/\/klen.hr\/it\/terrazze-in-legno\/","url":"https:\/\/klen.hr\/it\/terrazze-in-legno\/","name":"Terrazze in legno - Klen d.o.o.","isPartOf":{"@id":"https:\/\/klen.hr\/it\/#website"},"primaryImageOfPage":{"@id":"https:\/\/klen.hr\/it\/terrazze-in-legno\/#primaryimage"},"image":{"@id":"https:\/\/klen.hr\/it\/terrazze-in-legno\/#primaryimage"},"thumbnailUrl":"https:\/\/klen.gobo-digital.com\/wp-content\/uploads\/2023\/02\/Drvena-terasa.jpeg","datePublished":"2023-02-28T21:27:34+00:00","dateModified":"2023-10-26T10:30:30+00:00","breadcrumb":{"@id":"https:\/\/klen.hr\/it\/terrazze-in-legno\/#breadcrumb"},"inLanguage":"it-IT","potentialAction":[{"@type":"ReadAction","target":["https:\/\/klen.hr\/it\/terrazze-in-legno\/"]}]},{"@type":"ImageObject","inLanguage":"it-IT","@id":"https:\/\/klen.hr\/it\/terrazze-in-legno\/#primaryimage","url":"https:\/\/klen.gobo-digital.com\/wp-content\/uploads\/2023\/02\/Drvena-terasa.jpeg","contentUrl":"https:\/\/klen.gobo-digital.com\/wp-content\/uploads\/2023\/02\/Drvena-terasa.jpeg"},{"@type":"BreadcrumbList","@id":"https:\/\/klen.hr\/it\/terrazze-in-legno\/#breadcrumb","itemListElement":[{"@type":"ListItem","position":1,"name":"Home","item":"https:\/\/klen.hr\/it\/home\/"},{"@type":"ListItem","position":2,"name":"Terrazze in legno"}]},{"@type":"WebSite","@id":"https:\/\/klen.hr\/it\/#website","url":"https:\/\/klen.hr\/it\/","name":"Klen d.o.o.","description":"Proizvodnja, monta\u017ea i prodaja","publisher":{"@id":"https:\/\/klen.hr\/it\/#organization"},"potentialAction":[{"@type":"SearchAction","target":{"@type":"EntryPoint","urlTemplate":"https:\/\/klen.hr\/it\/?s={search_term_string}"},"query-input":{"@type":"PropertyValueSpecification","valueRequired":true,"valueName":"search_term_string"}}],"inLanguage":"it-IT"},{"@type":"Organization","@id":"https:\/\/klen.hr\/it\/#organization","name":"Klen d.o.o.","url":"https:\/\/klen.hr\/it\/","logo":{"@type":"ImageObject","inLanguage":"it-IT","@id":"https:\/\/klen.hr\/it\/#\/schema\/logo\/image\/","url":"https:\/\/klen.hr\/wp-content\/uploads\/2023\/02\/KLEN_Smedi-Znak.png","contentUrl":"https:\/\/klen.hr\/wp-content\/uploads\/2023\/02\/KLEN_Smedi-Znak.png","width":1000,"height":215,"caption":"Klen d.o.o."},"image":{"@id":"https:\/\/klen.hr\/it\/#\/schema\/logo\/image\/"},"sameAs":["https:\/\/www.facebook.com\/klen.hr","https:\/\/www.instagram.com\/klen_exterior_solutions\/"]}]}},"_links":{"self":[{"href":"https:\/\/klen.hr\/it\/wp-json\/wp\/v2\/pages\/2008","targetHints":{"allow":["GET"]}}],"collection":[{"href":"https:\/\/klen.hr\/it\/wp-json\/wp\/v2\/pages"}],"about":[{"href":"https:\/\/klen.hr\/it\/wp-json\/wp\/v2\/types\/page"}],"author":[{"embeddable":true,"href":"https:\/\/klen.hr\/it\/wp-json\/wp\/v2\/users\/1"}],"replies":[{"embeddable":true,"href":"https:\/\/klen.hr\/it\/wp-json\/wp\/v2\/comments?post=2008"}],"version-history":[{"count":0,"href":"https:\/\/klen.hr\/it\/wp-json\/wp\/v2\/pages\/2008\/revisions"}],"wp:attachment":[{"href":"https:\/\/klen.hr\/it\/wp-json\/wp\/v2\/media?parent=2008"}],"curies":[{"name":"wp","href":"https:\/\/api.w.org\/{rel}","templated":true}]}}